{"id":860,"date":"2023-10-09T11:02:49","date_gmt":"2023-10-09T14:02:49","guid":{"rendered":"http:\/\/cbcccp.com.br\/mensaje-de-la-presidenta\/"},"modified":"2024-06-21T15:34:41","modified_gmt":"2024-06-21T18:34:41","slug":"mensaje-de-la-presidenta","status":"publish","type":"page","link":"https:\/\/cbcccp.com.br\/es\/mensaje-de-la-presidenta\/","title":{"rendered":"Mensaje de la presidenta"},"content":{"rendered":"\t\t<div data-elementor-type=\"wp-page\" data-elementor-id=\"860\" class=\"elementor elementor-860 elementor-116\" data-elementor-settings=\"{&quot;ha_cmc_init_switcher&quot;:&quot;no&quot;}\" data-elementor-post-type=\"page\">\n\t\t\t\t\t\t<section class=\"elementor-section elementor-top-section elementor-element elementor-element-a8b503c elementor-section-boxed elementor-section-height-default elementor-section-height-default\" data-id=\"a8b503c\" data-element_type=\"section\">\n\t\t\t\t\t\t<div class=\"elementor-container elementor-column-gap-no\">\n\t\t\t\t\t<div class=\"elementor-column elementor-col-100 elementor-top-column elementor-element elementor-element-19242b6\" data-id=\"19242b6\" data-element_type=\"column\">\n\t\t\t<div class=\"elementor-widget-wrap elementor-element-populated\">\n\t\t\t\t\t\t<div class=\"elementor-element elementor-element-b05bcc9 elementor-widget elementor-widget-text-editor\" data-id=\"b05bcc9\" data-element_type=\"widget\" data-widget_type=\"text-editor.default\">\n\t\t\t\t<div class=\"elementor-widget-container\">\n\t\t\t\t\t\t\t\t\t<p>Estimados colegas:<\/p>\n<p>Es con gran alegr\u00eda que seremos anfitriones del 28\u00ba Congreso Brasile\u00f1o de Cardiopat\u00edas Cong\u00e9nitas, Cardiolog\u00eda Pedi\u00e1trica, Intervenci\u00f3n y Cirug\u00eda Card\u00edaca Pedi\u00e1trica en la encantadora ciudad de Gramado.<\/p>\n<p>En 2014, cuando tuvimos el honor de recibir este grandioso evento, los Departamentos de Cardiolog\u00eda Pedi\u00e1trica (DCC\/CP) y Cirug\u00eda Cardiovascular Pedi\u00e1trica (DCCVPed) se unieron, denomin\u00e1ndolo el Congreso Brasile\u00f1o de Cardiolog\u00eda y Cirug\u00eda Cardiovascular Pedi\u00e1trica. En esa ocasi\u00f3n, en asociaci\u00f3n con el Departamento de Cardiopat\u00edas Cong\u00e9nitas de la SBHCI, celebramos la segunda edici\u00f3n del Foro de Cardiolog\u00eda Pedi\u00e1trica Intervencionista.<\/p>\n<p>Es con gran orgullo que, despu\u00e9s de 11 a\u00f1os, en 2025, tendremos el privilegio de consolidar la uni\u00f3n e integraci\u00f3n de las tres sociedades que, juntas, ofrecen lo mejor para la cardiopat\u00eda cong\u00e9nita en Brasil. Creemos que es de esta uni\u00f3n e integraci\u00f3n que podremos crecer como una gran sociedad centrada en la atenci\u00f3n integrada de pacientes con cardiopat\u00edas cong\u00e9nitas desde el feto hasta el adulto.<\/p>\n<p>Con esta caracter\u00edstica integradora e innovadora de nuestro congreso, el programa cient\u00edfico unir\u00e1 los m\u00e9todos de diagn\u00f3stico por im\u00e1genes cardiovasculares, las innovaciones en cuidados intensivos, los nuevos medicamentos, los avances en intervenciones percut\u00e1neas y t\u00e9cnicas quir\u00fargicas desde el feto hasta el adulto, adem\u00e1s de permitir una amplia discusi\u00f3n de casos. Y todo esto en un ambiente acogedor, caracter\u00edstico de la sierra de Rio Grande do Sul, la \u00abSerra Ga\u00facha\u00bb.<\/p>\n<p>Este a\u00f1o tendremos una colaboraci\u00f3n \u00fanica con la Pediatric Cardiac Intensive Care Society (PCICS), que organizar\u00e1 un Simposio Precongreso centrado en la atenci\u00f3n intensiva de cardiopat\u00edas cong\u00e9nitas neonatales y pedi\u00e1tricas. Adem\u00e1s, organizar\u00e1n el Simposio Multidisciplinario dirigido a profesionales de enfermer\u00eda y otros involucrados en el cuidado de pacientes con cardiopat\u00edas cong\u00e9nitas. Esta colaboraci\u00f3n con la PCICS, adem\u00e1s de enriquecer cient\u00edficamente nuestro evento, nos brindar\u00e1 una nueva asociaci\u00f3n para la interacci\u00f3n entre las sociedades. Varios colegas internacionales ya est\u00e1n confirmando su presencia en nuestro evento.<\/p>\n<p>Como no podr\u00eda ser de otra manera, los eventos sociales se est\u00e1n preparando con cari\u00f1o y nos permitir\u00e1n momentos de confraternizaci\u00f3n y alegr\u00eda con la m\u00e1xima hospitalidad de la \u00abSerra Ga\u00facha\u00bb.<\/p>\n<p>La ciudad de Gramado ofrece lo mejor de la gastronom\u00eda, hermosos paseos, excelentes compras y espectaculares parques tem\u00e1ticos para los m\u00e1s peque\u00f1os Traigan a sus familias y vivan una experiencia \u00fanica en este lugar encantador y m\u00e1gico.<\/p>\n<p>Como en octubre ya empieza a calentar, y para mantener nuestro congreso informal, pero de alto nivel, la corbata no ser\u00e1 exigida durante el congreso. \u00a1Si\u00e9ntanse a gusto!<\/p>\n<p>Vengan a Gramado para disfrutar de la gastronom\u00eda y la hospitalidad de la \u00abSerra Ga\u00facha\u00bb, reencontrarse con colegas y amigos, compartir experiencias y obtener nuevos conocimientos.<\/p>\n<p>No dejen de visitar nuestro sitio Web con frecuencia para no perder informaciones importantes, fechas l\u00edmite y ver la programaci\u00f3n actualizada.<\/p>\n<p>Los esperamos en Gramado para compartir buenos momentos.<\/p>\n\t\t\t\t\t\t\t\t<\/div>\n\t\t\t\t<\/div>\n\t\t\t\t<div class=\"elementor-element elementor-element-4dfc735 elementor-widget elementor-widget-image\" data-id=\"4dfc735\" data-element_type=\"widget\" data-widget_type=\"image.default\">\n\t\t\t\t<div class=\"elementor-widget-container\">\n\t\t\t\t\t\t\t\t\t\t\t\t\t\t\t<img fetchpriority=\"high\" decoding=\"async\" width=\"428\" height=\"429\" src=\"https:\/\/cbcccp.com.br\/wp-content\/uploads\/2023\/10\/foto.png\" class=\"attachment-full size-full wp-image-671\" alt=\"\" srcset=\"https:\/\/cbcccp.com.br\/wp-content\/uploads\/2023\/10\/foto.png 428w, https:\/\/cbcccp.com.br\/wp-content\/uploads\/2023\/10\/foto-300x300.png 300w, https:\/\/cbcccp.com.br\/wp-content\/uploads\/2023\/10\/foto-150x150.png 150w\" sizes=\"(max-width: 428px) 100vw, 428px\" \/>\t\t\t\t\t\t\t\t\t\t\t\t\t\t\t<\/div>\n\t\t\t\t<\/div>\n\t\t\t\t<div class=\"elementor-element elementor-element-f834c04 elementor-widget elementor-widget-image\" data-id=\"f834c04\" data-element_type=\"widget\" data-widget_type=\"image.default\">\n\t\t\t\t<div class=\"elementor-widget-container\">\n\t\t\t\t\t\t\t\t\t\t\t\t\t\t\t<img decoding=\"async\" width=\"502\" height=\"167\" src=\"https:\/\/cbcccp.com.br\/wp-content\/uploads\/2023\/10\/WhatsApp-Image-2023-10-05-at-16.25.13.jpeg\" class=\"attachment-full size-full wp-image-673\" alt=\"\" srcset=\"https:\/\/cbcccp.com.br\/wp-content\/uploads\/2023\/10\/WhatsApp-Image-2023-10-05-at-16.25.13.jpeg 502w, https:\/\/cbcccp.com.br\/wp-content\/uploads\/2023\/10\/WhatsApp-Image-2023-10-05-at-16.25.13-300x100.jpeg 300w\" sizes=\"(max-width: 502px) 100vw, 502px\" \/>\t\t\t\t\t\t\t\t\t\t\t\t\t\t\t<\/div>\n\t\t\t\t<\/div>\n\t\t\t\t<div class=\"elementor-element elementor-element-e9d5c82 elementor-widget elementor-widget-heading\" data-id=\"e9d5c82\" data-element_type=\"widget\" data-widget_type=\"heading.default\">\n\t\t\t\t<div class=\"elementor-widget-container\">\n\t\t\t\t\t<h5 class=\"elementor-heading-title elementor-size-default\">Dra. Estela Suzana K. Horowitz<\/h5>\t\t\t\t<\/div>\n\t\t\t\t<\/div>\n\t\t\t\t\t<\/div>\n\t\t<\/div>\n\t\t\t\t\t<\/div>\n\t\t<\/section>\n\t\t\t\t<\/div>\n\t\t","protected":false},"excerpt":{"rendered":"<p>Estimados colegas: Es con gran alegr\u00eda que seremos anfitriones del 28\u00ba Congreso Brasile\u00f1o de Cardiopat\u00edas Cong\u00e9nitas, Cardiolog\u00eda Pedi\u00e1trica, Intervenci\u00f3n y Cirug\u00eda Card\u00edaca Pedi\u00e1trica en la encantadora ciudad de Gramado. En 2014, cuando tuvimos el honor de recibir este grandioso evento, los Departamentos de Cardiolog\u00eda Pedi\u00e1trica (DCC\/CP) y Cirug\u00eda Cardiovascular Pedi\u00e1trica (DCCVPed) se unieron, denomin\u00e1ndolo el [&hellip;]<\/p>\n","protected":false},"author":1,"featured_media":0,"parent":0,"menu_order":0,"comment_status":"closed","ping_status":"closed","template":"","meta":{"inline_featured_image":false,"footnotes":""},"class_list":["post-860","page","type-page","status-publish","hentry"],"yoast_head":"<!-- This site is optimized with the Yoast SEO plugin v26.2 - https:\/\/yoast.com\/wordpress\/plugins\/seo\/ -->\n<title>Mensaje de la presidenta - CBCCCP<\/title>\n<meta name=\"robots\" content=\"index, follow, max-snippet:-1, max-image-preview:large, max-video-preview:-1\" \/>\n<link rel=\"canonical\" href=\"https:\/\/cbcccp.com.br\/es\/mensaje-de-la-presidenta\/\" \/>\n<meta property=\"og:locale\" content=\"es_ES\" \/>\n<meta property=\"og:type\" content=\"article\" \/>\n<meta property=\"og:title\" content=\"Mensaje de la presidenta - CBCCCP\" \/>\n<meta property=\"og:description\" content=\"Estimados colegas: Es con gran alegr\u00eda que seremos anfitriones del 28\u00ba Congreso Brasile\u00f1o de Cardiopat\u00edas Cong\u00e9nitas, Cardiolog\u00eda Pedi\u00e1trica, Intervenci\u00f3n y Cirug\u00eda Card\u00edaca Pedi\u00e1trica en la encantadora ciudad de Gramado. En 2014, cuando tuvimos el honor de recibir este grandioso evento, los Departamentos de Cardiolog\u00eda Pedi\u00e1trica (DCC\/CP) y Cirug\u00eda Cardiovascular Pedi\u00e1trica (DCCVPed) se unieron, denomin\u00e1ndolo el [&hellip;]\" \/>\n<meta property=\"og:url\" content=\"https:\/\/cbcccp.com.br\/es\/mensaje-de-la-presidenta\/\" \/>\n<meta property=\"og:site_name\" content=\"CBCCCP\" \/>\n<meta property=\"article:modified_time\" content=\"2024-06-21T18:34:41+00:00\" \/>\n<meta property=\"og:image\" content=\"http:\/\/cbcccp.com.br\/wp-content\/uploads\/2023\/10\/foto.png\" \/>\n<meta name=\"twitter:card\" content=\"summary_large_image\" \/>\n<meta name=\"twitter:label1\" content=\"Tiempo de lectura\" \/>\n\t<meta name=\"twitter:data1\" content=\"3 minutos\" \/>\n<script type=\"application\/ld+json\" class=\"yoast-schema-graph\">{\"@context\":\"https:\/\/schema.org\",\"@graph\":[{\"@type\":\"WebPage\",\"@id\":\"https:\/\/cbcccp.com.br\/es\/mensaje-de-la-presidenta\/\",\"url\":\"https:\/\/cbcccp.com.br\/es\/mensaje-de-la-presidenta\/\",\"name\":\"Mensaje de la presidenta - CBCCCP\",\"isPartOf\":{\"@id\":\"https:\/\/cbcccp.com.br\/#website\"},\"primaryImageOfPage\":{\"@id\":\"https:\/\/cbcccp.com.br\/es\/mensaje-de-la-presidenta\/#primaryimage\"},\"image\":{\"@id\":\"https:\/\/cbcccp.com.br\/es\/mensaje-de-la-presidenta\/#primaryimage\"},\"thumbnailUrl\":\"http:\/\/cbcccp.com.br\/wp-content\/uploads\/2023\/10\/foto.png\",\"datePublished\":\"2023-10-09T14:02:49+00:00\",\"dateModified\":\"2024-06-21T18:34:41+00:00\",\"breadcrumb\":{\"@id\":\"https:\/\/cbcccp.com.br\/es\/mensaje-de-la-presidenta\/#breadcrumb\"},\"inLanguage\":\"es\",\"potentialAction\":[{\"@type\":\"ReadAction\",\"target\":[\"https:\/\/cbcccp.com.br\/es\/mensaje-de-la-presidenta\/\"]}]},{\"@type\":\"ImageObject\",\"inLanguage\":\"es\",\"@id\":\"https:\/\/cbcccp.com.br\/es\/mensaje-de-la-presidenta\/#primaryimage\",\"url\":\"http:\/\/cbcccp.com.br\/wp-content\/uploads\/2023\/10\/foto.png\",\"contentUrl\":\"http:\/\/cbcccp.com.br\/wp-content\/uploads\/2023\/10\/foto.png\"},{\"@type\":\"BreadcrumbList\",\"@id\":\"https:\/\/cbcccp.com.br\/es\/mensaje-de-la-presidenta\/#breadcrumb\",\"itemListElement\":[{\"@type\":\"ListItem\",\"position\":1,\"name\":\"In\u00edcio\",\"item\":\"https:\/\/cbcccp.com.br\/es\/\"},{\"@type\":\"ListItem\",\"position\":2,\"name\":\"Mensaje de la presidenta\"}]},{\"@type\":\"WebSite\",\"@id\":\"https:\/\/cbcccp.com.br\/#website\",\"url\":\"https:\/\/cbcccp.com.br\/\",\"name\":\"28\u00ba Congresso Brasileiro de Cardiologia Pedi\u00e1trica, Cardiopatias Cong\u00eanitas, Interven\u00e7\u00e3o e Cirurgia Card\u00edaca Pedi\u00e1trica\",\"description\":\"XXVIII Congresso Brasileiro de Cardiopatias Cong\u00eanitas Cardiologia Pedi\u00e1trica Interven\u00e7\u00e3o e Cirurgia Card\u00edaca Pedi\u00e1trica\",\"publisher\":{\"@id\":\"https:\/\/cbcccp.com.br\/#organization\"},\"alternateName\":\"28\u00ba Congresso Brasileiro de Cardiologia Pedi\u00e1trica, Cardiopatias Cong\u00eanitas, Interven\u00e7\u00e3o e Cirurgia Card\u00edaca Pedi\u00e1trica\",\"potentialAction\":[{\"@type\":\"SearchAction\",\"target\":{\"@type\":\"EntryPoint\",\"urlTemplate\":\"https:\/\/cbcccp.com.br\/?s={search_term_string}\"},\"query-input\":{\"@type\":\"PropertyValueSpecification\",\"valueRequired\":true,\"valueName\":\"search_term_string\"}}],\"inLanguage\":\"es\"},{\"@type\":\"Organization\",\"@id\":\"https:\/\/cbcccp.com.br\/#organization\",\"name\":\"28\u00ba Congresso Brasileiro de Cardiologia Pedi\u00e1trica, Cardiopatias Cong\u00eanitas, Interven\u00e7\u00e3o e Cirurgia Card\u00edaca Pedi\u00e1trica\",\"url\":\"https:\/\/cbcccp.com.br\/\",\"logo\":{\"@type\":\"ImageObject\",\"inLanguage\":\"es\",\"@id\":\"https:\/\/cbcccp.com.br\/#\/schema\/logo\/image\/\",\"url\":\"https:\/\/cbcccp.com.br\/wp-content\/uploads\/2023\/10\/OFICIAL-CBCCCP_LogoFinal.svg\",\"contentUrl\":\"https:\/\/cbcccp.com.br\/wp-content\/uploads\/2023\/10\/OFICIAL-CBCCCP_LogoFinal.svg\",\"width\":1200,\"height\":426,\"caption\":\"28\u00ba Congresso Brasileiro de Cardiologia Pedi\u00e1trica, Cardiopatias Cong\u00eanitas, Interven\u00e7\u00e3o e Cirurgia Card\u00edaca Pedi\u00e1trica\"},\"image\":{\"@id\":\"https:\/\/cbcccp.com.br\/#\/schema\/logo\/image\/\"}}]}<\/script>\n<!-- \/ Yoast SEO plugin. -->","yoast_head_json":{"title":"Mensaje de la presidenta - CBCCCP","robots":{"index":"index","follow":"follow","max-snippet":"max-snippet:-1","max-image-preview":"max-image-preview:large","max-video-preview":"max-video-preview:-1"},"canonical":"https:\/\/cbcccp.com.br\/es\/mensaje-de-la-presidenta\/","og_locale":"es_ES","og_type":"article","og_title":"Mensaje de la presidenta - CBCCCP","og_description":"Estimados colegas: Es con gran alegr\u00eda que seremos anfitriones del 28\u00ba Congreso Brasile\u00f1o de Cardiopat\u00edas Cong\u00e9nitas, Cardiolog\u00eda Pedi\u00e1trica, Intervenci\u00f3n y Cirug\u00eda Card\u00edaca Pedi\u00e1trica en la encantadora ciudad de Gramado. En 2014, cuando tuvimos el honor de recibir este grandioso evento, los Departamentos de Cardiolog\u00eda Pedi\u00e1trica (DCC\/CP) y Cirug\u00eda Cardiovascular Pedi\u00e1trica (DCCVPed) se unieron, denomin\u00e1ndolo el [&hellip;]","og_url":"https:\/\/cbcccp.com.br\/es\/mensaje-de-la-presidenta\/","og_site_name":"CBCCCP","article_modified_time":"2024-06-21T18:34:41+00:00","og_image":[{"url":"http:\/\/cbcccp.com.br\/wp-content\/uploads\/2023\/10\/foto.png","type":"","width":"","height":""}],"twitter_card":"summary_large_image","twitter_misc":{"Tiempo de lectura":"3 minutos"},"schema":{"@context":"https:\/\/schema.org","@graph":[{"@type":"WebPage","@id":"https:\/\/cbcccp.com.br\/es\/mensaje-de-la-presidenta\/","url":"https:\/\/cbcccp.com.br\/es\/mensaje-de-la-presidenta\/","name":"Mensaje de la presidenta - CBCCCP","isPartOf":{"@id":"https:\/\/cbcccp.com.br\/#website"},"primaryImageOfPage":{"@id":"https:\/\/cbcccp.com.br\/es\/mensaje-de-la-presidenta\/#primaryimage"},"image":{"@id":"https:\/\/cbcccp.com.br\/es\/mensaje-de-la-presidenta\/#primaryimage"},"thumbnailUrl":"http:\/\/cbcccp.com.br\/wp-content\/uploads\/2023\/10\/foto.png","datePublished":"2023-10-09T14:02:49+00:00","dateModified":"2024-06-21T18:34:41+00:00","breadcrumb":{"@id":"https:\/\/cbcccp.com.br\/es\/mensaje-de-la-presidenta\/#breadcrumb"},"inLanguage":"es","potentialAction":[{"@type":"ReadAction","target":["https:\/\/cbcccp.com.br\/es\/mensaje-de-la-presidenta\/"]}]},{"@type":"ImageObject","inLanguage":"es","@id":"https:\/\/cbcccp.com.br\/es\/mensaje-de-la-presidenta\/#primaryimage","url":"http:\/\/cbcccp.com.br\/wp-content\/uploads\/2023\/10\/foto.png","contentUrl":"http:\/\/cbcccp.com.br\/wp-content\/uploads\/2023\/10\/foto.png"},{"@type":"BreadcrumbList","@id":"https:\/\/cbcccp.com.br\/es\/mensaje-de-la-presidenta\/#breadcrumb","itemListElement":[{"@type":"ListItem","position":1,"name":"In\u00edcio","item":"https:\/\/cbcccp.com.br\/es\/"},{"@type":"ListItem","position":2,"name":"Mensaje de la presidenta"}]},{"@type":"WebSite","@id":"https:\/\/cbcccp.com.br\/#website","url":"https:\/\/cbcccp.com.br\/","name":"28\u00ba Congresso Brasileiro de Cardiologia Pedi\u00e1trica, Cardiopatias Cong\u00eanitas, Interven\u00e7\u00e3o e Cirurgia Card\u00edaca Pedi\u00e1trica","description":"XXVIII Congresso Brasileiro de Cardiopatias Cong\u00eanitas Cardiologia Pedi\u00e1trica Interven\u00e7\u00e3o e Cirurgia Card\u00edaca Pedi\u00e1trica","publisher":{"@id":"https:\/\/cbcccp.com.br\/#organization"},"alternateName":"28\u00ba Congresso Brasileiro de Cardiologia Pedi\u00e1trica, Cardiopatias Cong\u00eanitas, Interven\u00e7\u00e3o e Cirurgia Card\u00edaca Pedi\u00e1trica","potentialAction":[{"@type":"SearchAction","target":{"@type":"EntryPoint","urlTemplate":"https:\/\/cbcccp.com.br\/?s={search_term_string}"},"query-input":{"@type":"PropertyValueSpecification","valueRequired":true,"valueName":"search_term_string"}}],"inLanguage":"es"},{"@type":"Organization","@id":"https:\/\/cbcccp.com.br\/#organization","name":"28\u00ba Congresso Brasileiro de Cardiologia Pedi\u00e1trica, Cardiopatias Cong\u00eanitas, Interven\u00e7\u00e3o e Cirurgia Card\u00edaca Pedi\u00e1trica","url":"https:\/\/cbcccp.com.br\/","logo":{"@type":"ImageObject","inLanguage":"es","@id":"https:\/\/cbcccp.com.br\/#\/schema\/logo\/image\/","url":"https:\/\/cbcccp.com.br\/wp-content\/uploads\/2023\/10\/OFICIAL-CBCCCP_LogoFinal.svg","contentUrl":"https:\/\/cbcccp.com.br\/wp-content\/uploads\/2023\/10\/OFICIAL-CBCCCP_LogoFinal.svg","width":1200,"height":426,"caption":"28\u00ba Congresso Brasileiro de Cardiologia Pedi\u00e1trica, Cardiopatias Cong\u00eanitas, Interven\u00e7\u00e3o e Cirurgia Card\u00edaca Pedi\u00e1trica"},"image":{"@id":"https:\/\/cbcccp.com.br\/#\/schema\/logo\/image\/"}}]}},"_links":{"self":[{"href":"https:\/\/cbcccp.com.br\/es\/wp-json\/wp\/v2\/pages\/860","targetHints":{"allow":["GET"]}}],"collection":[{"href":"https:\/\/cbcccp.com.br\/es\/wp-json\/wp\/v2\/pages"}],"about":[{"href":"https:\/\/cbcccp.com.br\/es\/wp-json\/wp\/v2\/types\/page"}],"author":[{"embeddable":true,"href":"https:\/\/cbcccp.com.br\/es\/wp-json\/wp\/v2\/users\/1"}],"replies":[{"embeddable":true,"href":"https:\/\/cbcccp.com.br\/es\/wp-json\/wp\/v2\/comments?post=860"}],"version-history":[{"count":4,"href":"https:\/\/cbcccp.com.br\/es\/wp-json\/wp\/v2\/pages\/860\/revisions"}],"predecessor-version":[{"id":2990,"href":"https:\/\/cbcccp.com.br\/es\/wp-json\/wp\/v2\/pages\/860\/revisions\/2990"}],"wp:attachment":[{"href":"https:\/\/cbcccp.com.br\/es\/wp-json\/wp\/v2\/media?parent=860"}],"curies":[{"name":"wp","href":"https:\/\/api.w.org\/{rel}","templated":true}]}}